{"id":5299,"date":"2023-01-31T07:47:45","date_gmt":"2023-01-31T07:47:45","guid":{"rendered":"https:\/\/edinor.eus\/proyectos\/cel-toda-badajoz\/"},"modified":"2023-07-11T06:40:05","modified_gmt":"2023-07-11T06:40:05","slug":"cel-toda-badajoz","status":"publish","type":"dt_portfolio","link":"https:\/\/www.edinor.eus\/eu\/proiektuak\/cel-toda-badajoz\/","title":{"rendered":"CEL Toda Badajoz"},"content":{"rendered":"<p>[vc_row gap=&#8221;10&#8243; equal_height=&#8221;yes&#8221; disable_element=&#8221;yes&#8221; css=&#8221;.vc_custom_1656498776041{margin-bottom: 60px !important;}&#8221;][vc_column width=&#8221;1\/3&#8243; css=&#8221;.vc_custom_1612893013081{padding-right: 0px !important;}&#8221;][vc_single_image image=&#8221;3541&#8243; img_size=&#8221;75&#215;58&#8243;][vc_column_text]Aprovechar las cubiertas municipales de Zierbena para realizar instalaciones solares fotovoltaicas que sean explotadas bajo la figura del &lt;strong&gt;autoconsumo colectivo&lt;\/strong&gt;.[\/vc_column_text][\/vc_column][vc_column width=&#8221;1\/3&#8243;][vc_single_image image=&#8221;3551&#8243; img_size=&#8221;75&#215;58&#8243;][vc_column_text]Dar &lt;strong&gt;acceso a las viviendas y comercios&lt;\/strong&gt; del entorno a generar su propia energ\u00eda solar con los beneficios medioambientales, sociales y econ\u00f3micos asociados.[\/vc_column_text][\/vc_column][vc_column width=&#8221;1\/3&#8243;][vc_single_image image=&#8221;3549&#8243; img_size=&#8221;75&#215;58&#8243;][vc_column_text]Hacerlo en base a un modelo de &lt;strong&gt;Comunidad Energ\u00e9tica Local&lt;\/strong&gt;, TEK, contratado y de garant\u00edas que asegura la optimizaci\u00f3n en la gesti\u00f3n y que cumple con todos los requisitos impuestos por las Directivas Europeas.[\/vc_column_text][\/vc_column][\/vc_row][vc_row full_width=&#8221;stretch_row&#8221; css=&#8221;.vc_custom_1681986540793{margin-top: -360px !important;background-image: url(https:\/\/edinor.eus\/uploads\/2022\/06\/tek-background-info-scaled.jpg?id=3488) !important;}&#8221;][vc_column][vc_row_inner css=&#8221;.vc_custom_1654171315160{margin-top: 64px !important;}&#8221;][vc_column_inner width=&#8221;5\/6&#8243;]<div id=\"ultimate-heading-193169f0fc962066c\" class=\"uvc-heading ult-adjust-bottom-margin ultimate-heading-193169f0fc962066c uvc-6014 \" data-hspacer=\"no_spacer\"  data-halign=\"left\" style=\"text-align:left\"><div class=\"uvc-heading-spacer no_spacer\" style=\"top\"><\/div><div class=\"uvc-main-heading ult-responsive\"  data-ultimate-target='.uvc-heading.ultimate-heading-193169f0fc962066c h3'  data-responsive-json-new='{\"font-size\":\"desktop:44px;\",\"line-height\":\"desktop:48px;\"}' ><h3 style=\"--font-weight:theme;color:#ffffff;\">CEL Badajozen zifrak<\/h3><\/div><\/div>[\/vc_column_inner][vc_column_inner width=&#8221;1\/6&#8243;]<style type=\"text\/css\">#dt-btn-1 {color: #33cbcf;background: #ffffff;}#dt-btn-1 > .text-wrap * {color: #33cbcf;}<\/style><a href=\"https:\/\/www.celtodabadajoz.es\/\" class=\"btn-shortcode dt-btn-l dt-btn custom-btn-color accent-btn-hover-color default-btn-bg-hover-color\" target=\"_blank\" id=\"dt-btn-1\" rel=\"noopener\"><span>Konektatu<\/span><\/a>[\/vc_column_inner][\/vc_row_inner][vc_row_inner equal_height=&#8221;yes&#8221; css=&#8221;.vc_custom_1654169246301{padding-top: 32px !important;padding-bottom: 32px !important;}&#8221;][vc_column_inner width=&#8221;1\/4&#8243; css=&#8221;.vc_custom_1654170180310{margin-top: 32px !important;margin-right: 16px !important;margin-bottom: 32px !important;margin-left: 32px !important;background-color: rgba(255,255,255,0.12) !important;*background-color: rgb(255,255,255) !important;}&#8221;]<div id=\"ultimate-heading-91669f0fc9620870\" class=\"uvc-heading ult-adjust-bottom-margin ultimate-heading-91669f0fc9620870 uvc-4199 \" data-hspacer=\"no_spacer\"  data-halign=\"center\" style=\"text-align:center\"><div class=\"uvc-heading-spacer no_spacer\" style=\"top\"><\/div><div class=\"uvc-main-heading ult-responsive\"  data-ultimate-target='.uvc-heading.ultimate-heading-91669f0fc9620870 h3'  data-responsive-json-new='{\"font-size\":\"desktop:28px;\",\"line-height\":\"desktop:64px;\"}' ><h3 style=\"--font-weight:theme;color:#ffffff;margin-top:-15px;\">1450 kW<\/h3><\/div><div class=\"uvc-sub-heading ult-responsive\"  data-ultimate-target='.uvc-heading.ultimate-heading-91669f0fc9620870 .uvc-sub-heading '  data-responsive-json-new='{\"font-size\":\"desktop:16px;\",\"line-height\":\"desktop:24px;\"}'  style=\"font-weight:normal;color:#ffffff;margin-bottom:15px;\">Potentzia<\/div><\/div>[\/vc_column_inner][vc_column_inner width=&#8221;1\/4&#8243; css=&#8221;.vc_custom_1654170191088{margin-top: 32px !important;margin-right: 16px !important;margin-bottom: 32px !important;margin-left: 16px !important;background-color: rgba(255,255,255,0.12) !important;*background-color: rgb(255,255,255) !important;}&#8221;]<div id=\"ultimate-heading-723769f0fc9620917\" class=\"uvc-heading ult-adjust-bottom-margin ultimate-heading-723769f0fc9620917 uvc-6335 \" data-hspacer=\"no_spacer\"  data-halign=\"center\" style=\"text-align:center\"><div class=\"uvc-heading-spacer no_spacer\" style=\"top\"><\/div><div class=\"uvc-main-heading ult-responsive\"  data-ultimate-target='.uvc-heading.ultimate-heading-723769f0fc9620917 h3'  data-responsive-json-new='{\"font-size\":\"desktop:28px;\",\"line-height\":\"desktop:64px;\"}' ><h3 style=\"--font-weight:theme;color:#ffffff;margin-top:-15px;\">24<\/h3><\/div><div class=\"uvc-sub-heading ult-responsive\"  data-ultimate-target='.uvc-heading.ultimate-heading-723769f0fc9620917 .uvc-sub-heading '  data-responsive-json-new='{\"font-size\":\"desktop:16px;\",\"line-height\":\"desktop:24px;\"}'  style=\"font-weight:normal;color:#ffffff;margin-bottom:15px;\">Instalazioak<\/div><\/div>[\/vc_column_inner][vc_column_inner width=&#8221;1\/4&#8243; css=&#8221;.vc_custom_1654170199981{margin-top: 32px !important;margin-right: 16px !important;margin-bottom: 32px !important;margin-left: 16px !important;background-color: rgba(255,255,255,0.12) !important;*background-color: rgb(255,255,255) !important;}&#8221;]<div id=\"ultimate-heading-873269f0fc96209a5\" class=\"uvc-heading ult-adjust-bottom-margin ultimate-heading-873269f0fc96209a5 uvc-9850 \" data-hspacer=\"no_spacer\"  data-halign=\"center\" style=\"text-align:center\"><div class=\"uvc-heading-spacer no_spacer\" style=\"top\"><\/div><div class=\"uvc-main-heading ult-responsive\"  data-ultimate-target='.uvc-heading.ultimate-heading-873269f0fc96209a5 h3'  data-responsive-json-new='{\"font-size\":\"desktop:28px;\",\"line-height\":\"desktop:64px;\"}' ><h3 style=\"--font-weight:theme;color:#ffffff;margin-top:-15px;\">2174<\/h3><\/div><div class=\"uvc-sub-heading ult-responsive\"  data-ultimate-target='.uvc-heading.ultimate-heading-873269f0fc96209a5 .uvc-sub-heading '  data-responsive-json-new='{\"font-size\":\"desktop:16px;\",\"line-height\":\"desktop:24px;\"}'  style=\"font-weight:normal;color:#ffffff;margin-bottom:15px;\">Familia eta enpresa txiki kopurua<\/div><\/div>[\/vc_column_inner][vc_column_inner width=&#8221;1\/4&#8243; css=&#8221;.vc_custom_1654170214041{margin-top: 32px !important;margin-right: 16px !important;margin-bottom: 32px !important;margin-left: 16px !important;background-color: rgba(255,255,255,0.12) !important;*background-color: rgb(255,255,255) !important;}&#8221;]<div id=\"ultimate-heading-433369f0fc9620a45\" class=\"uvc-heading ult-adjust-bottom-margin ultimate-heading-433369f0fc9620a45 uvc-8086 \" data-hspacer=\"no_spacer\"  data-halign=\"center\" style=\"text-align:center\"><div class=\"uvc-heading-spacer no_spacer\" style=\"top\"><\/div><div class=\"uvc-main-heading ult-responsive\"  data-ultimate-target='.uvc-heading.ultimate-heading-433369f0fc9620a45 h3'  data-responsive-json-new='{\"font-size\":\"desktop:28px;\",\"line-height\":\"desktop:64px;\"}' ><h3 style=\"--font-weight:theme;color:#ffffff;margin-top:-15px;\">14<\/h3><\/div><div class=\"uvc-sub-heading ult-responsive\"  data-ultimate-target='.uvc-heading.ultimate-heading-433369f0fc9620a45 .uvc-sub-heading '  data-responsive-json-new='{\"font-size\":\"desktop:16px;\",\"line-height\":\"desktop:24px;\"}'  style=\"font-weight:normal;color:#ffffff;margin-bottom:15px;\">Udaletxeak<\/div><\/div>[\/vc_column_inner][\/vc_row_inner][\/vc_column][\/vc_row]<\/p>\n","protected":false},"excerpt":{"rendered":"<p>Toda Badajoz Lurraldeko Energia Erkidegoa 24 instalazio fotovoltaikok osatzen dute, eta guztira 1450 kW-ko potentzia instalatua dute, 10 udalen artean banatuta. Proiektu honen helburua da inguruko 2.100 familia eta denda txiki baino gehiagori autokontsumoa eta energia berriztagarria ematea, beren etxean edo negozioan obrarik egin gabe energia-independentziarekin ahaldunduz.<\/p>\n","protected":false},"author":2,"featured_media":5113,"comment_status":"closed","ping_status":"closed","template":"","dt_portfolio_category":[48],"dt_portfolio_tags":[],"class_list":["post-5299","dt_portfolio","type-dt_portfolio","status-publish","has-post-thumbnail","hentry","dt_portfolio_category-tek","dt_portfolio_category-48","description-off"],"acf":[],"yoast_head":"<!-- This site is optimized with the Yoast SEO plugin v26.6 - https:\/\/yoast.com\/wordpress\/plugins\/seo\/ -->\n<title>CEL Toda Badajoz | TEK proiektuak | Edinor | Energ\u00eda DIstribuida del NORte<\/title>\n<meta name=\"description\" content=\"Toda Badajoz Lurraldeko Energia Erkidegoa 24 instalazio fotovoltaikok osatzen dute, eta guztira 1450 kW-ko potentzia instalatua dute, 10 udalen artean banatuta. Proiektu honen helburua da inguruko 2.100 familia eta denda txiki baino gehiagori autokontsumoa eta energia berriztagarria ematea, beren etxean edo negozioan obrarik egin gabe energia-independentziarekin ahaldunduz.\" \/>\n<meta name=\"robots\" content=\"index, follow, max-snippet:-1, max-image-preview:large, max-video-preview:-1\" \/>\n<link rel=\"canonical\" href=\"https:\/\/www.edinor.eus\/eu\/proiektuak\/cel-toda-badajoz\/\" \/>\n<meta property=\"og:locale\" content=\"eu_ES\" \/>\n<meta property=\"og:type\" content=\"article\" \/>\n<meta property=\"og:title\" content=\"CEL Toda Badajoz | TEK proiektuak | Edinor | Energ\u00eda DIstribuida del NORte\" \/>\n<meta property=\"og:description\" content=\"Toda Badajoz Lurraldeko Energia Erkidegoa 24 instalazio fotovoltaikok osatzen dute, eta guztira 1450 kW-ko potentzia instalatua dute, 10 udalen artean banatuta. Proiektu honen helburua da inguruko 2.100 familia eta denda txiki baino gehiagori autokontsumoa eta energia berriztagarria ematea, beren etxean edo negozioan obrarik egin gabe energia-independentziarekin ahaldunduz.\" \/>\n<meta property=\"og:url\" content=\"https:\/\/www.edinor.eus\/eu\/proiektuak\/cel-toda-badajoz\/\" \/>\n<meta property=\"og:site_name\" content=\"Edinor\" \/>\n<meta property=\"article:modified_time\" content=\"2023-07-11T06:40:05+00:00\" \/>\n<meta property=\"og:image\" content=\"https:\/\/www.edinor.eus\/uploads\/2023\/01\/portada-real-badajoz-1.jpg\" \/>\n\t<meta property=\"og:image:width\" content=\"768\" \/>\n\t<meta property=\"og:image:height\" content=\"565\" \/>\n\t<meta property=\"og:image:type\" content=\"image\/jpeg\" \/>\n<meta name=\"twitter:card\" content=\"summary_large_image\" \/>\n<meta name=\"twitter:label1\" content=\"Est. reading time\" \/>\n\t<meta name=\"twitter:data1\" content=\"2 minutes\" \/>\n<script type=\"application\/ld+json\" class=\"yoast-schema-graph\">{\"@context\":\"https:\/\/schema.org\",\"@graph\":[{\"@type\":\"WebPage\",\"@id\":\"https:\/\/www.edinor.eus\/eu\/proiektuak\/cel-toda-badajoz\/\",\"url\":\"https:\/\/www.edinor.eus\/eu\/proiektuak\/cel-toda-badajoz\/\",\"name\":\"CEL Toda Badajoz | TEK proiektuak | Edinor | Energ\u00eda DIstribuida del NORte\",\"isPartOf\":{\"@id\":\"https:\/\/www.edinor.eus\/#website\"},\"primaryImageOfPage\":{\"@id\":\"https:\/\/www.edinor.eus\/eu\/proiektuak\/cel-toda-badajoz\/#primaryimage\"},\"image\":{\"@id\":\"https:\/\/www.edinor.eus\/eu\/proiektuak\/cel-toda-badajoz\/#primaryimage\"},\"thumbnailUrl\":\"https:\/\/www.edinor.eus\/uploads\/2023\/01\/portada-real-badajoz-1.jpg\",\"datePublished\":\"2023-01-31T07:47:45+00:00\",\"dateModified\":\"2023-07-11T06:40:05+00:00\",\"description\":\"Toda Badajoz Lurraldeko Energia Erkidegoa 24 instalazio fotovoltaikok osatzen dute, eta guztira 1450 kW-ko potentzia instalatua dute, 10 udalen artean banatuta. Proiektu honen helburua da inguruko 2.100 familia eta denda txiki baino gehiagori autokontsumoa eta energia berriztagarria ematea, beren etxean edo negozioan obrarik egin gabe energia-independentziarekin ahaldunduz.\",\"breadcrumb\":{\"@id\":\"https:\/\/www.edinor.eus\/eu\/proiektuak\/cel-toda-badajoz\/#breadcrumb\"},\"inLanguage\":\"eu-ES\",\"potentialAction\":[{\"@type\":\"ReadAction\",\"target\":[\"https:\/\/www.edinor.eus\/eu\/proiektuak\/cel-toda-badajoz\/\"]}]},{\"@type\":\"ImageObject\",\"inLanguage\":\"eu-ES\",\"@id\":\"https:\/\/www.edinor.eus\/eu\/proiektuak\/cel-toda-badajoz\/#primaryimage\",\"url\":\"https:\/\/www.edinor.eus\/uploads\/2023\/01\/portada-real-badajoz-1.jpg\",\"contentUrl\":\"https:\/\/www.edinor.eus\/uploads\/2023\/01\/portada-real-badajoz-1.jpg\",\"width\":768,\"height\":565},{\"@type\":\"BreadcrumbList\",\"@id\":\"https:\/\/www.edinor.eus\/eu\/proiektuak\/cel-toda-badajoz\/#breadcrumb\",\"itemListElement\":[{\"@type\":\"ListItem\",\"position\":1,\"name\":\"Home\",\"item\":\"https:\/\/www.edinor.eus\/eu\/\"},{\"@type\":\"ListItem\",\"position\":2,\"name\":\"Portafolio\",\"item\":\"https:\/\/edinor.eus\/proyectos\/\"},{\"@type\":\"ListItem\",\"position\":3,\"name\":\"CEL Toda Badajoz\"}]},{\"@type\":\"WebSite\",\"@id\":\"https:\/\/www.edinor.eus\/#website\",\"url\":\"https:\/\/www.edinor.eus\/\",\"name\":\"Edinor\",\"description\":\"Energia banatuko eta autokontsumo partekatuko soluzioak sustatzen ditugu\",\"potentialAction\":[{\"@type\":\"SearchAction\",\"target\":{\"@type\":\"EntryPoint\",\"urlTemplate\":\"https:\/\/www.edinor.eus\/?s={search_term_string}\"},\"query-input\":{\"@type\":\"PropertyValueSpecification\",\"valueRequired\":true,\"valueName\":\"search_term_string\"}}],\"inLanguage\":\"eu-ES\"}]}<\/script>\n<!-- \/ Yoast SEO plugin. -->","yoast_head_json":{"title":"CEL Toda Badajoz | TEK proiektuak | Edinor | Energ\u00eda DIstribuida del NORte","description":"Toda Badajoz Lurraldeko Energia Erkidegoa 24 instalazio fotovoltaikok osatzen dute, eta guztira 1450 kW-ko potentzia instalatua dute, 10 udalen artean banatuta. Proiektu honen helburua da inguruko 2.100 familia eta denda txiki baino gehiagori autokontsumoa eta energia berriztagarria ematea, beren etxean edo negozioan obrarik egin gabe energia-independentziarekin ahaldunduz.","robots":{"index":"index","follow":"follow","max-snippet":"max-snippet:-1","max-image-preview":"max-image-preview:large","max-video-preview":"max-video-preview:-1"},"canonical":"https:\/\/www.edinor.eus\/eu\/proiektuak\/cel-toda-badajoz\/","og_locale":"eu_ES","og_type":"article","og_title":"CEL Toda Badajoz | TEK proiektuak | Edinor | Energ\u00eda DIstribuida del NORte","og_description":"Toda Badajoz Lurraldeko Energia Erkidegoa 24 instalazio fotovoltaikok osatzen dute, eta guztira 1450 kW-ko potentzia instalatua dute, 10 udalen artean banatuta. Proiektu honen helburua da inguruko 2.100 familia eta denda txiki baino gehiagori autokontsumoa eta energia berriztagarria ematea, beren etxean edo negozioan obrarik egin gabe energia-independentziarekin ahaldunduz.","og_url":"https:\/\/www.edinor.eus\/eu\/proiektuak\/cel-toda-badajoz\/","og_site_name":"Edinor","article_modified_time":"2023-07-11T06:40:05+00:00","og_image":[{"width":768,"height":565,"url":"https:\/\/www.edinor.eus\/uploads\/2023\/01\/portada-real-badajoz-1.jpg","type":"image\/jpeg"}],"twitter_card":"summary_large_image","twitter_misc":{"Est. reading time":"2 minutes"},"schema":{"@context":"https:\/\/schema.org","@graph":[{"@type":"WebPage","@id":"https:\/\/www.edinor.eus\/eu\/proiektuak\/cel-toda-badajoz\/","url":"https:\/\/www.edinor.eus\/eu\/proiektuak\/cel-toda-badajoz\/","name":"CEL Toda Badajoz | TEK proiektuak | Edinor | Energ\u00eda DIstribuida del NORte","isPartOf":{"@id":"https:\/\/www.edinor.eus\/#website"},"primaryImageOfPage":{"@id":"https:\/\/www.edinor.eus\/eu\/proiektuak\/cel-toda-badajoz\/#primaryimage"},"image":{"@id":"https:\/\/www.edinor.eus\/eu\/proiektuak\/cel-toda-badajoz\/#primaryimage"},"thumbnailUrl":"https:\/\/www.edinor.eus\/uploads\/2023\/01\/portada-real-badajoz-1.jpg","datePublished":"2023-01-31T07:47:45+00:00","dateModified":"2023-07-11T06:40:05+00:00","description":"Toda Badajoz Lurraldeko Energia Erkidegoa 24 instalazio fotovoltaikok osatzen dute, eta guztira 1450 kW-ko potentzia instalatua dute, 10 udalen artean banatuta. Proiektu honen helburua da inguruko 2.100 familia eta denda txiki baino gehiagori autokontsumoa eta energia berriztagarria ematea, beren etxean edo negozioan obrarik egin gabe energia-independentziarekin ahaldunduz.","breadcrumb":{"@id":"https:\/\/www.edinor.eus\/eu\/proiektuak\/cel-toda-badajoz\/#breadcrumb"},"inLanguage":"eu-ES","potentialAction":[{"@type":"ReadAction","target":["https:\/\/www.edinor.eus\/eu\/proiektuak\/cel-toda-badajoz\/"]}]},{"@type":"ImageObject","inLanguage":"eu-ES","@id":"https:\/\/www.edinor.eus\/eu\/proiektuak\/cel-toda-badajoz\/#primaryimage","url":"https:\/\/www.edinor.eus\/uploads\/2023\/01\/portada-real-badajoz-1.jpg","contentUrl":"https:\/\/www.edinor.eus\/uploads\/2023\/01\/portada-real-badajoz-1.jpg","width":768,"height":565},{"@type":"BreadcrumbList","@id":"https:\/\/www.edinor.eus\/eu\/proiektuak\/cel-toda-badajoz\/#breadcrumb","itemListElement":[{"@type":"ListItem","position":1,"name":"Home","item":"https:\/\/www.edinor.eus\/eu\/"},{"@type":"ListItem","position":2,"name":"Portafolio","item":"https:\/\/edinor.eus\/proyectos\/"},{"@type":"ListItem","position":3,"name":"CEL Toda Badajoz"}]},{"@type":"WebSite","@id":"https:\/\/www.edinor.eus\/#website","url":"https:\/\/www.edinor.eus\/","name":"Edinor","description":"Energia banatuko eta autokontsumo partekatuko soluzioak sustatzen ditugu","potentialAction":[{"@type":"SearchAction","target":{"@type":"EntryPoint","urlTemplate":"https:\/\/www.edinor.eus\/?s={search_term_string}"},"query-input":{"@type":"PropertyValueSpecification","valueRequired":true,"valueName":"search_term_string"}}],"inLanguage":"eu-ES"}]}},"_links":{"self":[{"href":"https:\/\/www.edinor.eus\/eu\/wp-json\/wp\/v2\/dt_portfolio\/5299","targetHints":{"allow":["GET"]}}],"collection":[{"href":"https:\/\/www.edinor.eus\/eu\/wp-json\/wp\/v2\/dt_portfolio"}],"about":[{"href":"https:\/\/www.edinor.eus\/eu\/wp-json\/wp\/v2\/types\/dt_portfolio"}],"author":[{"embeddable":true,"href":"https:\/\/www.edinor.eus\/eu\/wp-json\/wp\/v2\/users\/2"}],"replies":[{"embeddable":true,"href":"https:\/\/www.edinor.eus\/eu\/wp-json\/wp\/v2\/comments?post=5299"}],"version-history":[{"count":3,"href":"https:\/\/www.edinor.eus\/eu\/wp-json\/wp\/v2\/dt_portfolio\/5299\/revisions"}],"predecessor-version":[{"id":5345,"href":"https:\/\/www.edinor.eus\/eu\/wp-json\/wp\/v2\/dt_portfolio\/5299\/revisions\/5345"}],"wp:featuredmedia":[{"embeddable":true,"href":"https:\/\/www.edinor.eus\/eu\/wp-json\/wp\/v2\/media\/5113"}],"wp:attachment":[{"href":"https:\/\/www.edinor.eus\/eu\/wp-json\/wp\/v2\/media?parent=5299"}],"wp:term":[{"taxonomy":"dt_portfolio_category","embeddable":true,"href":"https:\/\/www.edinor.eus\/eu\/wp-json\/wp\/v2\/dt_portfolio_category?post=5299"},{"taxonomy":"dt_portfolio_tags","embeddable":true,"href":"https:\/\/www.edinor.eus\/eu\/wp-json\/wp\/v2\/dt_portfolio_tags?post=5299"}],"curies":[{"name":"wp","href":"https:\/\/api.w.org\/{rel}","templated":true}]}}